{"id":3210,"date":"2021-12-07T12:50:59","date_gmt":"2021-12-07T12:50:59","guid":{"rendered":"https:\/\/veemonula.ee\/kuhu-minna\/"},"modified":"2026-03-26T10:15:48","modified_gmt":"2026-03-26T08:15:48","slug":"kuhu-minna","status":"publish","type":"page","link":"https:\/\/veemonula.ee\/lv\/kuhu-minna\/","title":{"rendered":"Kurp Doties"},"content":{"rendered":"\n<div class=\"wp-block-cover alignfull\" style=\"min-height:301px;aspect-ratio:unset;\"><img loading=\"lazy\" decoding=\"async\" width=\"1600\" height=\"1066\" class=\"wp-block-cover__image-background wp-image-8190 size-full\" alt=\"\" src=\"https:\/\/veemonula.ee\/wp-content\/uploads\/2026\/03\/KMKTR-02645.jpg\" style=\"object-position:45% 55%\" data-object-fit=\"cover\" data-object-position=\"45% 55%\" srcset=\"https:\/\/veemonula.ee\/wp-content\/uploads\/2026\/03\/KMKTR-02645.jpg 1600w, https:\/\/veemonula.ee\/wp-content\/uploads\/2026\/03\/KMKTR-02645-300x200.jpg 300w, https:\/\/veemonula.ee\/wp-content\/uploads\/2026\/03\/KMKTR-02645-1024x682.jpg 1024w, https:\/\/veemonula.ee\/wp-content\/uploads\/2026\/03\/KMKTR-02645-768x512.jpg 768w, https:\/\/veemonula.ee\/wp-content\/uploads\/2026\/03\/KMKTR-02645-1536x1023.jpg 1536w, https:\/\/veemonula.ee\/wp-content\/uploads\/2026\/03\/KMKTR-02645-1568x1045.jpg 1568w\" sizes=\"auto, (max-width: 1600px) 100vw, 1600px\" \/><span aria-hidden=\"true\" class=\"wp-block-cover__background has-background-dim-100 has-background-dim wp-block-cover__gradient-background has-background-gradient\" style=\"background:linear-gradient(180deg,rgb(33,33,33) 1%,rgba(155,81,224,0) 49%)\"><\/span><div class=\"wp-block-cover__inner-container is-layout-flow wp-block-cover-is-layout-flow\">\n<p class=\"has-text-align-center\"><\/p>\n<\/div><\/div>\n\n\n\n<div style=\"height:68px\" aria-hidden=\"true\" class=\"wp-block-spacer\"><\/div>\n\n\n\n<p class=\"has-text-align-center has-medium-font-size\">Terva 1937. gad\u0101 sa\u0146\u0113ma ofici\u0101lu vasaras k\u016brortpils\u0113tas statusu. \u0160eit j\u016bs gaida atp\u016bta, kas iederas jebkur\u0101 gadalaik\u0101 \u2013 vasaras vieglums un ziemas miers.<\/p>\n\n\n\n<p class=\"has-text-align-center has-medium-font-size\">Pla\u0161\u0101ku inform\u0101ciju par vis\u0101m aktivit\u0101t\u0113m un pas\u0101kumiem Terv\u0101 skatiet vietn\u0113 <a href=\"https:\/\/visittorva.ee\/\">visittorva.ee<\/a><\/p>\n\n\n\n<div style=\"height:33px\" aria-hidden=\"true\" class=\"wp-block-spacer\"><\/div>\n\n\n\n<div class=\"wp-block-columns alignwide is-layout-flex wp-container-core-columns-is-layout-28f84493 wp-block-columns-is-layout-flex\">\n<div class=\"wp-block-column is-vertically-aligned-center is-layout-flow wp-block-column-is-layout-flow\">\n<h2 class=\"wp-block-heading\"><strong>K\u0100 TERVA IEGUVA SAVU NOSAUKUMU?<\/strong><\/h2>\n\n\n\n<p>P\u0113c \u013cau\u017eu nost\u0101stiem reiz bijis k\u0101ds v\u012brs v\u0101rd\u0101 Tenis (<em>T\u00f5nis<\/em>), kur\u0161 viet\u0113j\u0101 me\u017e\u0101 no eg\u013cu un prie\u017eu celmiem tecin\u0101jis darvu (<em>igau\u0146u valod\u0101 t\u00f5rv<\/em>), t\u0101d\u0113\u013c ar\u012b \u0161\u012b vieta ieguvusi nosaukumu T\u00f5rva jeb burtisk\u0101 tulkojum\u0101 Darvas pils\u0113ta.<\/p>\n\n\n\n<p><br>Apmekl\u0113jot pils\u0113tu, vienai no oblig\u0101taj\u0101m aktivit\u0101t\u0113m noteikti vajadz\u0113tu b\u016bt pastaigai Tervas centr\u0101laj\u0101 laukum\u0101. Taj\u0101 var izjust, ka \u012bpa\u0161i padom\u0101ts par g\u0101j\u0113ju komfortu un br\u012bv\u0101 laika pavad\u012b\u0161anas iesp\u0113j\u0101m.<\/p>\n\n\n\n<p><br>Centr\u0101laj\u0101 laukum\u0101 ir izveidota jauka zona ar k\u0101p\u0161anas atrakcij\u0101m un slidkalni\u0146iem, sag\u0101d\u0101jot prieku visai \u0123imenei.<\/p>\n<\/div>\n\n\n\n<div class=\"wp-block-column is-layout-flow wp-block-column-is-layout-flow\" style=\"flex-basis:10px\"><\/div>\n\n\n\n<div class=\"wp-block-column is-layout-flow wp-block-column-is-layout-flow\">\n<figure class=\"wp-block-image size-large\"><img loading=\"lazy\" decoding=\"async\" width=\"1024\" height=\"683\" src=\"https:\/\/veemonula.ee\/wp-content\/uploads\/2026\/03\/Torva-Keskvaljak-1024x683.jpg\" alt=\"\" class=\"wp-image-8149\" srcset=\"https:\/\/veemonula.ee\/wp-content\/uploads\/2026\/03\/Torva-Keskvaljak-1024x683.jpg 1024w, https:\/\/veemonula.ee\/wp-content\/uploads\/2026\/03\/Torva-Keskvaljak-300x200.jpg 300w, https:\/\/veemonula.ee\/wp-content\/uploads\/2026\/03\/Torva-Keskvaljak-768x512.jpg 768w, https:\/\/veemonula.ee\/wp-content\/uploads\/2026\/03\/Torva-Keskvaljak-1536x1024.jpg 1536w, https:\/\/veemonula.ee\/wp-content\/uploads\/2026\/03\/Torva-Keskvaljak-1568x1045.jpg 1568w, https:\/\/veemonula.ee\/wp-content\/uploads\/2026\/03\/Torva-Keskvaljak.jpg 1920w\" sizes=\"auto, (max-width: 1024px) 100vw, 1024px\" \/><\/figure>\n<\/div>\n<\/div>\n\n\n\n<div style=\"height:50px\" aria-hidden=\"true\" class=\"wp-block-spacer\"><\/div>\n\n\n\n<div class=\"wp-block-columns alignwide is-layout-flex wp-container-core-columns-is-layout-28f84493 wp-block-columns-is-layout-flex\">\n<div class=\"wp-block-column is-layout-flow wp-block-column-is-layout-flow\">\n<figure class=\"wp-block-image size-large\"><img loading=\"lazy\" decoding=\"async\" width=\"2560\" height=\"1439\" src=\"https:\/\/veemonula.ee\/wp-content\/uploads\/2026\/03\/DSC05283-edited-scaled.jpg\" alt=\"\" class=\"wp-image-8154\" srcset=\"https:\/\/veemonula.ee\/wp-content\/uploads\/2026\/03\/DSC05283-edited-scaled.jpg 2560w, https:\/\/veemonula.ee\/wp-content\/uploads\/2026\/03\/DSC05283-edited-300x169.jpg 300w, https:\/\/veemonula.ee\/wp-content\/uploads\/2026\/03\/DSC05283-edited-1024x576.jpg 1024w, https:\/\/veemonula.ee\/wp-content\/uploads\/2026\/03\/DSC05283-edited-768x432.jpg 768w, https:\/\/veemonula.ee\/wp-content\/uploads\/2026\/03\/DSC05283-edited-1536x864.jpg 1536w, https:\/\/veemonula.ee\/wp-content\/uploads\/2026\/03\/DSC05283-edited-2048x1151.jpg 2048w, https:\/\/veemonula.ee\/wp-content\/uploads\/2026\/03\/DSC05283-edited-1568x882.jpg 1568w\" sizes=\"auto, (max-width: 2560px) 100vw, 2560px\" \/><\/figure>\n<\/div>\n\n\n\n<div class=\"wp-block-column is-layout-flow wp-block-column-is-layout-flow\" style=\"flex-basis:10px\"><\/div>\n\n\n\n<div class=\"wp-block-column is-vertically-aligned-center is-layout-flow wp-block-column-is-layout-flow\">\n<h2 class=\"wp-block-heading\"><strong>MULGI PIEDZ\u012aVOJUMU CENTRS<\/strong><\/h2>\n\n\n\n<p>15 min\u016b\u0161u autobrauciena att\u0101lum\u0101 atrodas unik\u0101lais Mulgi pieredzes centrs, kas tika atv\u0113rts 2023. gad\u0101.<br>Centrs kalpo k\u0101 noz\u012bm\u012bgs v\u0113sturisk\u0101 Mulgi novada orientieris un identit\u0101tes nes\u0113js, tas ir gan arhitektoniskais objekts un muzejs, gan ar\u012b vieta pas\u0101kumu organiz\u0113\u0161anai, te atrodas Mulgim\u0101 inform\u0101cijas centrs, k\u0101 ar\u012b tiek pied\u0101v\u0101ti viet\u0113jie ra\u017eojumi un pakalpojumi. Ekspoz\u012bcija un pas\u0101kumi \u013cauj iepaz\u012bt Mulgim\u0101 tautas dv\u0113seli un bag\u0101to kult\u016bras mantojumu. \u0160eit var g\u016bt priek\u0161statu par Mulgim\u0101 \u013cau\u017eu izslavin\u0101to atjaut\u012bbu, sp\u012bt\u012bbu un vilt\u012bbu.<\/p>\n\n\n\n<p><br>Skat\u012bt papildu inform\u0101ciju vietn\u0113 <a href=\"https:\/\/mulgielamuskeskus.ee\/\"><strong>mulgielamuskeskus.ee<\/strong><\/a><\/p>\n<\/div>\n<\/div>\n\n\n\n<div style=\"height:53px\" aria-hidden=\"true\" class=\"wp-block-spacer\"><\/div>\n\n\n\n<div class=\"wp-block-columns alignwide is-layout-flex wp-container-core-columns-is-layout-28f84493 wp-block-columns-is-layout-flex\">\n<div class=\"wp-block-column is-vertically-aligned-center is-layout-flow wp-block-column-is-layout-flow\">\n<h2 class=\"wp-block-heading\"><strong>TERVAS KINO \u201cKOIT\u201d<\/strong><\/h2>\n\n\n\n<p>Tervas kinote\u0101tris \u201cKoit\u201d tika atv\u0113rts 1953.&nbsp;gada 1.&nbsp;septembr\u012b, un filmas taj\u0101 nep\u0101rtraukti tika r\u0101d\u012btas l\u012bdz 2004.&nbsp;gadam. Kop\u0161 2019.&nbsp;gada kinote\u0101tris ir digitaliz\u0113ts, un katru ned\u0113\u013cu uz ekr\u0101na tiek r\u0101d\u012btas jaun\u0101k\u0101s filmas.<br>Kinote\u0101tris ir atv\u0113rts katru ned\u0113\u013cas nogali, uz vietas var ieg\u0101d\u0101ties svaigi pagatavotu popkornu un uzkodas, un lab\u0101kai kino pieredzei filmas var baud\u012bt lieliskos superkr\u0113slos.<\/p>\n\n\n\n<p><br>Repertu\u0101ru var apskat\u012bt vietn\u0113 <a href=\"http:\/\/kinokoit.ee\/\"><strong>kinokoit.ee<\/strong><\/a><\/p>\n<\/div>\n\n\n\n<div class=\"wp-block-column is-layout-flow wp-block-column-is-layout-flow\" style=\"flex-basis:50px\"><\/div>\n\n\n\n<div class=\"wp-block-column is-layout-flow wp-block-column-is-layout-flow\">\n<figure class=\"wp-block-image size-full\"><img loading=\"lazy\" decoding=\"async\" width=\"2560\" height=\"1440\" src=\"https:\/\/veemonula.ee\/wp-content\/uploads\/2026\/02\/pexels-tima-miroshnichenko-7991404-edited-scaled.jpg\" alt=\"\" class=\"wp-image-7490\" srcset=\"https:\/\/veemonula.ee\/wp-content\/uploads\/2026\/02\/pexels-tima-miroshnichenko-7991404-edited-scaled.jpg 2560w, https:\/\/veemonula.ee\/wp-content\/uploads\/2026\/02\/pexels-tima-miroshnichenko-7991404-edited-300x169.jpg 300w, https:\/\/veemonula.ee\/wp-content\/uploads\/2026\/02\/pexels-tima-miroshnichenko-7991404-edited-1024x576.jpg 1024w, https:\/\/veemonula.ee\/wp-content\/uploads\/2026\/02\/pexels-tima-miroshnichenko-7991404-edited-768x432.jpg 768w, https:\/\/veemonula.ee\/wp-content\/uploads\/2026\/02\/pexels-tima-miroshnichenko-7991404-edited-1536x864.jpg 1536w, https:\/\/veemonula.ee\/wp-content\/uploads\/2026\/02\/pexels-tima-miroshnichenko-7991404-edited-2048x1152.jpg 2048w, https:\/\/veemonula.ee\/wp-content\/uploads\/2026\/02\/pexels-tima-miroshnichenko-7991404-edited-1568x882.jpg 1568w\" sizes=\"auto, (max-width: 2560px) 100vw, 2560px\" \/><\/figure>\n<\/div>\n<\/div>\n\n\n\n<div style=\"height:46px\" aria-hidden=\"true\" class=\"wp-block-spacer\"><\/div>\n\n\n\n<div class=\"wp-block-columns alignwide is-layout-flex wp-container-core-columns-is-layout-28f84493 wp-block-columns-is-layout-flex\">\n<div class=\"wp-block-column is-layout-flow wp-block-column-is-layout-flow\">\n<figure class=\"wp-block-image size-large\"><img loading=\"lazy\" decoding=\"async\" width=\"1013\" height=\"675\" src=\"https:\/\/veemonula.ee\/wp-content\/uploads\/2026\/03\/KL-05059-2-edited-2.jpg\" alt=\"\" class=\"wp-image-8201\" srcset=\"https:\/\/veemonula.ee\/wp-content\/uploads\/2026\/03\/KL-05059-2-edited-2.jpg 1013w, https:\/\/veemonula.ee\/wp-content\/uploads\/2026\/03\/KL-05059-2-edited-2-300x200.jpg 300w, https:\/\/veemonula.ee\/wp-content\/uploads\/2026\/03\/KL-05059-2-edited-2-768x512.jpg 768w\" sizes=\"auto, (max-width: 1013px) 100vw, 1013px\" \/><\/figure>\n<\/div>\n\n\n\n<div class=\"wp-block-column is-layout-flow wp-block-column-is-layout-flow\" style=\"flex-basis:50px\"><\/div>\n\n\n\n<div class=\"wp-block-column is-vertically-aligned-center is-layout-flow wp-block-column-is-layout-flow\">\n<h2 class=\"wp-block-heading\"><strong>TERVAS VESEL\u012aBAS TAKAS UN APGAISMOT\u0100S SL\u0112PO\u0160ANAS TRASES<\/strong><\/h2>\n\n\n\n<p>Tervas Vesel\u012bbas takas atrodas ainaviski skaist\u0101 park\u0101, kas koku st\u0101d\u012bjumu d\u0113\u013c atg\u0101dina me\u017eu un ieskauj Vanameisas (Vanam\u00f5isa) ezeru. T\u0101s ved pa parka ce\u013cu, ko aptver m\u016b\u017eseni koki, un me\u017ea taku, kas vijas apk\u0101rt ezeram. Takas savieno Tervas \u0123imn\u0101zijas \u0113ku un \u016bdens atp\u016btas centru<\/p>\n\n\n\n<p>\u201cT\u00f5rva Veem\u00f5nula\u201d, Vanameisas ezera pludmales zonu un \u0123imn\u0101zijas stadiona kompleksu. Tervas Vesel\u012bbas takas tika izv\u0113l\u0113tas par lab\u0101ko vesel\u012bbas sporta objektu 2017. gad\u0101. <\/p>\n\n\n\n<p>Ziemas period\u0101 var baud\u012bt labi uztur\u0113t\u0101s un apgaismot\u0101s sl\u0113po\u0161anas trases, kas s\u0101kas blakus \u016bdens atp\u016btas centram \u201cT\u00f5rva Veem\u00f5nula\u201d.<br><br>Tervas Vesel\u012bbas taku p\u0101rg\u0101jienu ap\u013ca (11 km) karte <a href=\"http:\/\/google.com\/maps\/d\/u\/0\/viewer?mid=1wwpgJyIqIRWkTSB_na5IbC4l9C_og5U&amp;ll=0%2C0&amp;z=15\"><strong>Google Maps<\/strong><\/a>.<\/p>\n<\/div>\n<\/div>\n\n\n\n<div style=\"height:47px\" aria-hidden=\"true\" class=\"wp-block-spacer\"><\/div>\n\n\n\n<div class=\"wp-block-columns alignwide is-layout-flex wp-container-core-columns-is-layout-28f84493 wp-block-columns-is-layout-flex\">\n<div class=\"wp-block-column is-vertically-aligned-center is-layout-flow wp-block-column-is-layout-flow\">\n<h2 class=\"wp-block-heading\"><strong>K\u0100SIKU SAIMNIEC\u012aBAS ZOOD\u0100RZS<\/strong><\/h2>\n\n\n\n<p>Hummuli ciem\u0101, kas atrodas Tervas novad\u0101, ir savs zood\u0101rzs. No eksotisk\u0101kiem dz\u012bvniekiem taj\u0101 var satikt tuksne\u0161a lapsu Dodo, za\u013co igu\u0101nu Sairosu, pundurp\u0113rti\u0137i, hameleonus un b\u0101rdaino ag\u0101mu Hansu. P\u0113c saimnieces teikt\u0101, zood\u0101rz\u0101 var iepaz\u012bt 26 sugas, kop\u0101 110 \u012bpat\u0146us. \u0100r\u0101 teritorij\u0101 dz\u012bvo ar\u012b seski, genets, poniji, tru\u0161i, Kamer\u016bnas kazas un aitas, zirgi.<\/p>\n\n\n\n<p>Skat\u012bt vair\u0101k <a href=\"https:\/\/www.facebook.com\/profile.php?id=100063496174712\"><strong>Facebook<\/strong><\/a> lap\u0101, neaizmirstiet par savu apmekl\u0113jumu inform\u0113t saimniekus!<\/p>\n<\/div>\n\n\n\n<div class=\"wp-block-column is-layout-flow wp-block-column-is-layout-flow\" style=\"flex-basis:50px\"><\/div>\n\n\n\n<div class=\"wp-block-column is-layout-flow wp-block-column-is-layout-flow\">\n<figure class=\"wp-block-image size-large\"><img loading=\"lazy\" decoding=\"async\" width=\"1800\" height=\"1012\" src=\"https:\/\/veemonula.ee\/wp-content\/uploads\/2026\/02\/474789277_1125860836207112_4645659881335811159_n-edited.jpg\" alt=\"\" class=\"wp-image-7506\" srcset=\"https:\/\/veemonula.ee\/wp-content\/uploads\/2026\/02\/474789277_1125860836207112_4645659881335811159_n-edited.jpg 1800w, https:\/\/veemonula.ee\/wp-content\/uploads\/2026\/02\/474789277_1125860836207112_4645659881335811159_n-edited-300x169.jpg 300w, https:\/\/veemonula.ee\/wp-content\/uploads\/2026\/02\/474789277_1125860836207112_4645659881335811159_n-edited-1024x576.jpg 1024w, https:\/\/veemonula.ee\/wp-content\/uploads\/2026\/02\/474789277_1125860836207112_4645659881335811159_n-edited-768x432.jpg 768w, https:\/\/veemonula.ee\/wp-content\/uploads\/2026\/02\/474789277_1125860836207112_4645659881335811159_n-edited-1536x864.jpg 1536w, https:\/\/veemonula.ee\/wp-content\/uploads\/2026\/02\/474789277_1125860836207112_4645659881335811159_n-edited-1568x882.jpg 1568w\" sizes=\"auto, (max-width: 1800px) 100vw, 1800px\" \/><\/figure>\n<\/div>\n<\/div>\n\n\n\n<div style=\"height:47px\" aria-hidden=\"true\" class=\"wp-block-spacer\"><\/div>\n\n\n\n<div class=\"wp-block-columns alignwide is-layout-flex wp-container-core-columns-is-layout-28f84493 wp-block-columns-is-layout-flex\">\n<div class=\"wp-block-column is-layout-flow wp-block-column-is-layout-flow\">\n<figure class=\"wp-block-image size-large\"><img loading=\"lazy\" decoding=\"async\" width=\"2560\" height=\"1440\" src=\"https:\/\/veemonula.ee\/wp-content\/uploads\/2026\/03\/Torva_Magnus_Heinmets-4550veeb-edited-scaled.jpg\" alt=\"\" class=\"wp-image-8175\" srcset=\"https:\/\/veemonula.ee\/wp-content\/uploads\/2026\/03\/Torva_Magnus_Heinmets-4550veeb-edited-scaled.jpg 2560w, https:\/\/veemonula.ee\/wp-content\/uploads\/2026\/03\/Torva_Magnus_Heinmets-4550veeb-edited-300x169.jpg 300w, https:\/\/veemonula.ee\/wp-content\/uploads\/2026\/03\/Torva_Magnus_Heinmets-4550veeb-edited-1024x576.jpg 1024w, https:\/\/veemonula.ee\/wp-content\/uploads\/2026\/03\/Torva_Magnus_Heinmets-4550veeb-edited-768x432.jpg 768w, https:\/\/veemonula.ee\/wp-content\/uploads\/2026\/03\/Torva_Magnus_Heinmets-4550veeb-edited-1536x864.jpg 1536w, https:\/\/veemonula.ee\/wp-content\/uploads\/2026\/03\/Torva_Magnus_Heinmets-4550veeb-edited-2048x1152.jpg 2048w, https:\/\/veemonula.ee\/wp-content\/uploads\/2026\/03\/Torva_Magnus_Heinmets-4550veeb-edited-1568x882.jpg 1568w\" sizes=\"auto, (max-width: 2560px) 100vw, 2560px\" \/><\/figure>\n<\/div>\n\n\n\n<div class=\"wp-block-column is-layout-flow wp-block-column-is-layout-flow\" style=\"flex-basis:10px\"><\/div>\n\n\n\n<div class=\"wp-block-column is-vertically-aligned-center is-layout-flow wp-block-column-is-layout-flow\">\n<h2 class=\"wp-block-heading\"><strong>TERVAS DISKU GOLFA PARKS<\/strong><\/h2>\n\n\n\n<p><a href=\"https:\/\/torva.kovtp.ee\/discgolf-torva-vallas\" target=\"_blank\" rel=\"noreferrer noopener\"><strong>T\u00f5rva discgol park<\/strong><\/a> ir sp\u0113les laukums dabisk\u0101 vid\u0113 ar 18 groziem.<br>Parks s\u0101kas pie Tervas \u0123imn\u0101zijas un \u016bdens atp\u016btas centra \u201cT\u00f5rva Veem\u00f5nula\u201d, ved cauri Kase atp\u016btas zonai un Keisripalu me\u017eam. Lai ar\u012b grozi galvenok\u0101rt izvietoti uz me\u017ea tak\u0101m, ir ar\u012b pla\u0161\u0101ku metienu iesp\u0113ja. Diski j\u0101nodro\u0161ina pa\u0161iem sp\u0113l\u0113t\u0101jiem.<br>Tervas disku golfa parku nov\u0113rt\u0113 gan profesion\u0101\u013ci, gan \u0161\u012b sporta veida entuziasti. P\u0113c<br>pat\u012bkamas disku golfa sp\u0113l\u0113\u0161anas \u012bpa\u0161i relaks\u0113jo\u0161a sol\u0101s b\u016bt atp\u016bta \u016bdens atp\u016btas centr\u0101 \u201cT\u00f5rva Veem\u00f5nula\u201d!<\/p>\n<\/div>\n<\/div>\n\n\n\n<div style=\"height:50px\" aria-hidden=\"true\" class=\"wp-block-spacer\"><\/div>\n\n\n\n<div class=\"wp-block-columns alignwide is-layout-flex wp-container-core-columns-is-layout-28f84493 wp-block-columns-is-layout-flex\">\n<div class=\"wp-block-column is-vertically-aligned-center is-layout-flow wp-block-column-is-layout-flow\">\n<h2 class=\"wp-block-heading\"><strong>BARKLAJA DE TOLLI MAUZOLEJS<\/strong><\/h2>\n\n\n\n<p>Tervas novad\u0101 atrodas vien\u012bgais mauzolejs Igaunij\u0101 \u2013 Napoleonu sak\u0101vu\u0161\u0101 komandiera Barklaja de Tollija p\u0113d\u0113j\u0101 atdusas vieta.<\/p>\n\n\n\n<p>1823. gad\u0101 Barklaja de Tollija atraitne 1,5 km att\u0101lum\u0101 no Jegevestes lika savam v\u012bram uzcelt mauzoleju, kas saglab\u0101jies l\u012bdz m\u016bsdien\u0101m.<br>Mauzoleja pagrab\u0101 atrodas k\u0146aza un k\u0146azienes Barklaja de Tolli sarkof\u0101gi.<br><a href=\"https:\/\/visittorva.ee\/tegevused\/barclay-de-tolly-mausoleum\/\"><strong>Barclay de Tolly mausoleum<\/strong><\/a> apmekl\u0113t\u0101jiem atv\u0113rts no tre\u0161dienas l\u012bdz sv\u0113tdienai plkst. 10.00\u201317.00.<\/p>\n\n\n\n<p><strong>Kontakti<\/strong>: +372 513 9065<\/p>\n<\/div>\n\n\n\n<div class=\"wp-block-column is-layout-flow wp-block-column-is-layout-flow\" style=\"flex-basis:10px\"><\/div>\n\n\n\n<div class=\"wp-block-column is-layout-flow wp-block-column-is-layout-flow\">\n<figure class=\"wp-block-image size-large\"><img loading=\"lazy\" decoding=\"async\" width=\"1024\" height=\"683\" src=\"https:\/\/veemonula.ee\/wp-content\/uploads\/2022\/10\/zf_SZ_211003_NIKON-D850_015-1024x683.jpg\" alt=\"\" class=\"wp-image-4131\" srcset=\"https:\/\/veemonula.ee\/wp-content\/uploads\/2022\/10\/zf_SZ_211003_NIKON-D850_015-1024x683.jpg 1024w, https:\/\/veemonula.ee\/wp-content\/uploads\/2022\/10\/zf_SZ_211003_NIKON-D850_015-300x200.jpg 300w, https:\/\/veemonula.ee\/wp-content\/uploads\/2022\/10\/zf_SZ_211003_NIKON-D850_015-768x512.jpg 768w, https:\/\/veemonula.ee\/wp-content\/uploads\/2022\/10\/zf_SZ_211003_NIKON-D850_015-1536x1024.jpg 1536w, https:\/\/veemonula.ee\/wp-content\/uploads\/2022\/10\/zf_SZ_211003_NIKON-D850_015-1568x1045.jpg 1568w, https:\/\/veemonula.ee\/wp-content\/uploads\/2022\/10\/zf_SZ_211003_NIKON-D850_015.jpg 1800w\" sizes=\"auto, (max-width: 1024px) 100vw, 1024px\" \/><\/figure>\n<\/div>\n<\/div>\n\n\n\n<div style=\"height:49px\" aria-hidden=\"true\" class=\"wp-block-spacer\"><\/div>\n\n\n\n<div class=\"wp-block-columns alignwide is-layout-flex wp-container-core-columns-is-layout-28f84493 wp-block-columns-is-layout-flex\">\n<div class=\"wp-block-column is-layout-flow wp-block-column-is-layout-flow\">\n<figure class=\"wp-block-image size-large\"><img loading=\"lazy\" decoding=\"async\" width=\"1024\" height=\"683\" src=\"https:\/\/veemonula.ee\/wp-content\/uploads\/2026\/03\/Helme-koopad-1024x683.jpg\" alt=\"\" class=\"wp-image-7796\" srcset=\"https:\/\/veemonula.ee\/wp-content\/uploads\/2026\/03\/Helme-koopad-1024x683.jpg 1024w, https:\/\/veemonula.ee\/wp-content\/uploads\/2026\/03\/Helme-koopad-300x200.jpg 300w, https:\/\/veemonula.ee\/wp-content\/uploads\/2026\/03\/Helme-koopad-768x512.jpg 768w, https:\/\/veemonula.ee\/wp-content\/uploads\/2026\/03\/Helme-koopad.jpg 1200w\" sizes=\"auto, (max-width: 1024px) 100vw, 1024px\" \/><\/figure>\n<\/div>\n\n\n\n<div class=\"wp-block-column is-layout-flow wp-block-column-is-layout-flow\" style=\"flex-basis:10px\"><\/div>\n\n\n\n<div class=\"wp-block-column is-vertically-aligned-center is-layout-flow wp-block-column-is-layout-flow\">\n<h2 class=\"wp-block-heading\"><strong>HELMES ALAS<\/strong><\/h2>\n\n\n\n<p>Helmes alas \u2013 vislepn\u0101k\u0101s no k\u0101dreiz\u0113j\u0101m grot\u0101m Igaunijas teritorij\u0101 \u2013 apskat\u0101mas Helmes mui\u017eas park\u0101. Uz zieme\u013ciem no pilsdrup\u0101m atrodamaj\u0101s al\u0101s aptuveni 3 m apm\u0113r\u0101 atsedzas baltais Burtnieku sv\u012btas smil\u0161akmens. Da\u017eas no slavenaj\u0101m al\u0101m ir iegruvu\u0161as. K\u0101dreiz alu sist\u0113ma sast\u0101v\u0113ja no septi\u0146\u0101m ar ej\u0101m savienot\u0101m telp\u0101m, liel\u0101k\u0101 no t\u0101m bija Mozus bazn\u012bca (<em>Moosese kirik<\/em>). Alas ir izgrauzu\u0161i avoti, v\u0113l\u0101k cilv\u0113ki t\u0101s papla\u0161in\u0101ju\u0161i un izmantoju\u0161i k\u0101 sl\u0113ptuves.<br><\/p>\n\n\n\n<p>Der\u012bgi zin\u0101t! Senie \u013caudis alas d\u0113v\u0113ju\u0161i ar\u012b Elli. Kara laik\u0101 vecie igau\u0146i t\u0101s izmantoja k\u0101 sl\u0113ptuves.<\/p>\n\n\n\n<p><a href=\"https:\/\/www.puhkaeestis.ee\/et\/eesti-kaart?selected_entry=2505\" target=\"_blank\" rel=\"noreferrer noopener\"><strong>Google Maps<\/strong><\/a><\/p>\n<\/div>\n<\/div>\n\n\n\n<div style=\"height:48px\" aria-hidden=\"true\" class=\"wp-block-spacer\"><\/div>\n\n\n\n<div class=\"wp-block-columns alignwide is-layout-flex wp-container-core-columns-is-layout-28f84493 wp-block-columns-is-layout-flex\">\n<div class=\"wp-block-column is-vertically-aligned-center is-layout-flow wp-block-column-is-layout-flow\">\n<h2 class=\"wp-block-heading\"><strong>HELMES ORDE\u0145A PILSDRUPAS<\/strong><\/h2>\n\n\n\n<p>Helmes orde\u0146a pilsdrupas slejas uz paugura P\u0113rnavas-Valgas \u0161osejas mal\u0101. Tiek uzskat\u012bts, ka nocietin\u0101jums b\u016bv\u0113ts 14. gadsimta pirmaj\u0101 pus\u0113, un no t\u0101 l\u012bdz m\u016bsdien\u0101m da\u013c\u0113ji ir saglab\u0101ju\u0161ies augstie laukakmens m\u016bri ar l\u016bk\u0101m. Le\u0123enda v\u0113sta, ka cietok\u0161\u0146a stiprin\u0101juma nol\u016bkos sien\u0101 iem\u016br\u0113ta jaunava. Vai \u0161ajos nost\u0101stos sl\u0113pjas ar\u012b paties\u012bbas grauds, par to j\u0101lemj katram pa\u0161am. Laika gait\u0101 pil\u012b saimniekoju\u0161i gan v\u0101cie\u0161i, gan krievi, gan lei\u0161i, gan zviedri, kuri 1658. gad\u0101 cietoksni izn\u012bcin\u0101ja.<\/p>\n\n\n\n<p><br>Der\u012bgi zin\u0101t! Grav\u0101 cietok\u0161\u0146a pak\u0101j\u0113 tek \u0100rstu avots (<em>Arstiallikas<\/em>), kura \u016bdens pal\u012bdzot pret septi\u0146\u0101m kait\u0113m.<\/p>\n\n\n\n<p><a href=\"https:\/\/www.puhkaeestis.ee\/et\/eesti-kaart?selected_entry=3136\" target=\"_blank\" rel=\"noreferrer noopener\"><strong>Google Maps<\/strong><\/a><\/p>\n<\/div>\n\n\n\n<div class=\"wp-block-column is-layout-flow wp-block-column-is-layout-flow\" style=\"flex-basis:10px\"><\/div>\n\n\n\n<div class=\"wp-block-column is-layout-flow wp-block-column-is-layout-flow\">\n<figure class=\"wp-block-image size-large\"><img loading=\"lazy\" decoding=\"async\" width=\"1024\" height=\"683\" src=\"https:\/\/veemonula.ee\/wp-content\/uploads\/2021\/12\/Helme-ordulinnuse-varemed-1024x683.jpg\" alt=\"\" class=\"wp-image-2408\" srcset=\"https:\/\/veemonula.ee\/wp-content\/uploads\/2021\/12\/Helme-ordulinnuse-varemed-1024x683.jpg 1024w, https:\/\/veemonula.ee\/wp-content\/uploads\/2021\/12\/Helme-ordulinnuse-varemed-300x200.jpg 300w, https:\/\/veemonula.ee\/wp-content\/uploads\/2021\/12\/Helme-ordulinnuse-varemed-768x512.jpg 768w, https:\/\/veemonula.ee\/wp-content\/uploads\/2021\/12\/Helme-ordulinnuse-varemed-1536x1024.jpg 1536w, https:\/\/veemonula.ee\/wp-content\/uploads\/2021\/12\/Helme-ordulinnuse-varemed-1568x1045.jpg 1568w, https:\/\/veemonula.ee\/wp-content\/uploads\/2021\/12\/Helme-ordulinnuse-varemed.jpg 1920w\" sizes=\"auto, (max-width: 1024px) 100vw, 1024px\" \/><\/figure>\n<\/div>\n<\/div>\n\n\n\n<div style=\"height:48px\" aria-hidden=\"true\" class=\"wp-block-spacer\"><\/div>\n\n\n\n<div class=\"wp-block-columns alignwide is-layout-flex wp-container-core-columns-is-layout-28f84493 wp-block-columns-is-layout-flex\">\n<div class=\"wp-block-column is-layout-flow wp-block-column-is-layout-flow\">\n<figure class=\"wp-block-image size-full\"><img loading=\"lazy\" decoding=\"async\" width=\"1600\" height=\"900\" src=\"https:\/\/veemonula.ee\/wp-content\/uploads\/2026\/03\/Toukeratas-edited.jpg\" alt=\"\" class=\"wp-image-8181\" srcset=\"https:\/\/veemonula.ee\/wp-content\/uploads\/2026\/03\/Toukeratas-edited.jpg 1600w, https:\/\/veemonula.ee\/wp-content\/uploads\/2026\/03\/Toukeratas-edited-300x169.jpg 300w, https:\/\/veemonula.ee\/wp-content\/uploads\/2026\/03\/Toukeratas-edited-1024x576.jpg 1024w, https:\/\/veemonula.ee\/wp-content\/uploads\/2026\/03\/Toukeratas-edited-768x432.jpg 768w, https:\/\/veemonula.ee\/wp-content\/uploads\/2026\/03\/Toukeratas-edited-1536x864.jpg 1536w, https:\/\/veemonula.ee\/wp-content\/uploads\/2026\/03\/Toukeratas-edited-1568x882.jpg 1568w\" sizes=\"auto, (max-width: 1600px) 100vw, 1600px\" \/><\/figure>\n<\/div>\n\n\n\n<div class=\"wp-block-column is-layout-flow wp-block-column-is-layout-flow\" style=\"flex-basis:10px\"><\/div>\n\n\n\n<div class=\"wp-block-column is-vertically-aligned-center is-layout-flow wp-block-column-is-layout-flow\">\n<h2 class=\"wp-block-heading\"><strong>AIZRAUJO\u0160I P\u0100RG\u0100JIENI INSTRUKTORU PAVAD\u012aB\u0100<\/strong><\/h2>\n\n\n\n<p><a href=\"https:\/\/loodusturism.ee\/et\/\" target=\"_blank\" rel=\"noreferrer noopener\"><strong>Loodusturism.ee <\/strong><\/a>organiz\u0113 aizraujo\u0161us p\u0101rg\u0101jienus, kas piem\u0113roti gan lieliem, gan<br>maziem.<\/p>\n\n\n\n<p><strong>P\u0101rg\u0101jienus vada pieredz\u0113ju\u0161i instruktori, kuri p\u0101rzina konkr\u0113to p\u0101rg\u0101jiena veidu.<\/strong><\/p>\n\n\n\n<p>Instruktora pavad\u012bb\u0101 iesp\u0113jams apmekl\u0113t vair\u0101kus re\u0123ionus un galam\u0113r\u0137us, dabas<br>skaistumu atkl\u0101jot visda\u017e\u0101d\u0101kajos veidos, piem\u0113ram, ar <a href=\"http:\/\/www.loodusturism.ee\/suusamatk-otepaa-looduspargis\" target=\"_blank\" rel=\"noreferrer noopener\">sl\u0113p\u0113m<\/a>&nbsp;un&nbsp;<a href=\"http:\/\/www.loodusturism.ee\/et\/matkad\/uisumatkad\">slid\u0101m<\/a>,&nbsp;<a href=\"http:\/\/www.loodusturism.ee\/toukekelgumatk-puhajarve-jaal-voi-liikumisradadel\" target=\"_blank\" rel=\"noreferrer noopener\">stumjam\u0101m ragav\u0101m<\/a>&nbsp;un&nbsp;<a href=\"http:\/\/www.loodusturism.ee\/matkad\/toukerattamatkad\" target=\"_blank\" rel=\"noreferrer noopener\">skrejrite\u0146iem<\/a>&nbsp;raft laiv\u0101m,&nbsp;tostarp <a href=\"https:\/\/www.loodusturism.ee\/et\/matkad\/toukerattamatkad\/645-fat-toukeratastega-aktiivne-puhkus-eestis\" target=\"_blank\" rel=\"noreferrer noopener\">FAT skrejrite\u0146iem<\/a>, t\u0101pat ar&nbsp;<a href=\"http:\/\/www.loodusturism.ee\/matkad\/kanuumatkad\" target=\"_blank\" rel=\"noreferrer noopener\">kanoe laiv\u0101m<\/a>,&nbsp;<a href=\"http:\/\/www.loodusturism.ee\/matkad\/sustamatkad\" target=\"_blank\" rel=\"noreferrer noopener\">smail\u012bt\u0113m<\/a>&nbsp;un&nbsp;<a href=\"http:\/\/www.loodusturism.ee\/et\/matkad\/haabjamatkad\">vienko\u010diem<\/a>&nbsp;un <em>raft<\/em> laiv\u0101m,&nbsp;<a href=\"http:\/\/www.loodusturism.ee\/raatsamatk-mulgimaal-rubina-soos-ja-rabas\" target=\"_blank\" rel=\"noreferrer noopener\">purva kurp\u0113m<\/a>&nbsp;un&nbsp;<a href=\"http:\/\/www.loodusturism.ee\/matkad\/lumeraatsamatkad\" target=\"_blank\" rel=\"noreferrer noopener\">sniega kurp\u0113m<\/a>.<\/p>\n\n\n\n<p>Kontakti: Imre Arro, +372 527 2701, <a href=\"mailto:info@loodusturism.ee\" target=\"_blank\" rel=\"noreferrer noopener\"><strong>info@loodusturism.ee<\/strong><\/a><\/p>\n<\/div>\n<\/div>\n\n\n\n<div class=\"wp-block-columns alignwide is-layout-flex wp-container-core-columns-is-layout-28f84493 wp-block-columns-is-layout-flex\">\n<div class=\"wp-block-column is-vertically-aligned-center is-layout-flow wp-block-column-is-layout-flow\"><\/div>\n\n\n\n<div class=\"wp-block-column is-layout-flow wp-block-column-is-layout-flow\"><\/div>\n<\/div>\n\n\n\n<p><\/p>\n\n\n\n<div style=\"height:31px\" aria-hidden=\"true\" class=\"wp-block-spacer\"><\/div>\n\n\n\n<div class=\"wp-block-buttons is-layout-flex wp-block-buttons-is-layout-flex\">\n<div class=\"wp-block-button\"><a class=\"wp-block-button__link wp-element-button\" href=\"https:\/\/visittorva.ee\/\"><strong>SKAT\u012aT VISAS AKTIVIT\u0100TES TERV\u0100 \u0160EIT!<\/strong><\/a><\/div>\n<\/div>\n\n\n\n<div style=\"height:100px\" aria-hidden=\"true\" class=\"wp-block-spacer\"><\/div>\n","protected":false},"excerpt":{"rendered":"<p>Terva 1937. gad\u0101 sa\u0146\u0113ma ofici\u0101lu vasaras k\u016brortpils\u0113tas statusu. \u0160eit j\u016bs gaida atp\u016bta, kas iederas jebkur\u0101 gadalaik\u0101 \u2013 vasaras vieglums un ziemas miers. Pla\u0161\u0101ku inform\u0101ciju par vis\u0101m aktivit\u0101t\u0113m un pas\u0101kumiem Terv\u0101 skatiet vietn\u0113 visittorva.ee K\u0100 TERVA IEGUVA SAVU NOSAUKUMU? P\u0113c \u013cau\u017eu nost\u0101stiem reiz bijis k\u0101ds v\u012brs v\u0101rd\u0101 Tenis (T\u00f5nis), kur\u0161 viet\u0113j\u0101 me\u017e\u0101 no eg\u013cu un prie\u017eu [&hellip;]<\/p>\n","protected":false},"author":2,"featured_media":0,"parent":0,"menu_order":0,"comment_status":"closed","ping_status":"closed","template":"","meta":{"footnotes":""},"class_list":["post-3210","page","type-page","status-publish","hentry"],"yoast_head":"<!-- This site is optimized with the Yoast SEO plugin v27.2 - https:\/\/yoast.com\/product\/yoast-seo-wordpress\/ -->\n<title>Kurp Doties - Veem\u00f5nula T\u00f5rvas<\/title>\n<meta name=\"robots\" content=\"index, follow, max-snippet:-1, max-image-preview:large, max-video-preview:-1\" \/>\n<link rel=\"canonical\" href=\"https:\/\/veemonula.ee\/lv\/kuhu-minna\/\" \/>\n<meta property=\"og:locale\" content=\"lv_LV\" \/>\n<meta property=\"og:type\" content=\"article\" \/>\n<meta property=\"og:title\" content=\"Kurp Doties - Veem\u00f5nula T\u00f5rvas\" \/>\n<meta property=\"og:description\" content=\"Terva 1937. gad\u0101 sa\u0146\u0113ma ofici\u0101lu vasaras k\u016brortpils\u0113tas statusu. \u0160eit j\u016bs gaida atp\u016bta, kas iederas jebkur\u0101 gadalaik\u0101 \u2013 vasaras vieglums un ziemas miers. Pla\u0161\u0101ku inform\u0101ciju par vis\u0101m aktivit\u0101t\u0113m un pas\u0101kumiem Terv\u0101 skatiet vietn\u0113 visittorva.ee K\u0100 TERVA IEGUVA SAVU NOSAUKUMU? P\u0113c \u013cau\u017eu nost\u0101stiem reiz bijis k\u0101ds v\u012brs v\u0101rd\u0101 Tenis (T\u00f5nis), kur\u0161 viet\u0113j\u0101 me\u017e\u0101 no eg\u013cu un prie\u017eu [&hellip;]\" \/>\n<meta property=\"og:url\" content=\"https:\/\/veemonula.ee\/lv\/kuhu-minna\/\" \/>\n<meta property=\"og:site_name\" content=\"Veem\u00f5nula T\u00f5rvas\" \/>\n<meta property=\"article:modified_time\" content=\"2026-03-26T08:15:48+00:00\" \/>\n<meta property=\"og:image\" content=\"https:\/\/veemonula.ee\/wp-content\/uploads\/2026\/03\/KMKTR-02645.jpg\" \/>\n\t<meta property=\"og:image:width\" content=\"1600\" \/>\n\t<meta property=\"og:image:height\" content=\"1066\" \/>\n\t<meta property=\"og:image:type\" content=\"image\/jpeg\" \/>\n<meta name=\"twitter:card\" content=\"summary_large_image\" \/>\n<meta name=\"twitter:label1\" content=\"Est. reading time\" \/>\n\t<meta name=\"twitter:data1\" content=\"7 minutes\" \/>\n<script type=\"application\/ld+json\" class=\"yoast-schema-graph\">{\"@context\":\"https:\/\/schema.org\",\"@graph\":[{\"@type\":\"WebPage\",\"@id\":\"https:\/\/veemonula.ee\/lv\/kuhu-minna\/\",\"url\":\"https:\/\/veemonula.ee\/lv\/kuhu-minna\/\",\"name\":\"Kurp Doties - Veem\u00f5nula T\u00f5rvas\",\"isPartOf\":{\"@id\":\"https:\/\/veemonula.ee\/#website\"},\"primaryImageOfPage\":{\"@id\":\"https:\/\/veemonula.ee\/lv\/kuhu-minna\/#primaryimage\"},\"image\":{\"@id\":\"https:\/\/veemonula.ee\/lv\/kuhu-minna\/#primaryimage\"},\"thumbnailUrl\":\"https:\/\/veemonula.ee\/wp-content\/uploads\/2026\/03\/KMKTR-02645.jpg\",\"datePublished\":\"2021-12-07T12:50:59+00:00\",\"dateModified\":\"2026-03-26T08:15:48+00:00\",\"breadcrumb\":{\"@id\":\"https:\/\/veemonula.ee\/lv\/kuhu-minna\/#breadcrumb\"},\"inLanguage\":\"lv-LV\",\"potentialAction\":[{\"@type\":\"ReadAction\",\"target\":[\"https:\/\/veemonula.ee\/lv\/kuhu-minna\/\"]}]},{\"@type\":\"ImageObject\",\"inLanguage\":\"lv-LV\",\"@id\":\"https:\/\/veemonula.ee\/lv\/kuhu-minna\/#primaryimage\",\"url\":\"https:\/\/veemonula.ee\/wp-content\/uploads\/2026\/03\/KMKTR-02645.jpg\",\"contentUrl\":\"https:\/\/veemonula.ee\/wp-content\/uploads\/2026\/03\/KMKTR-02645.jpg\"},{\"@type\":\"BreadcrumbList\",\"@id\":\"https:\/\/veemonula.ee\/lv\/kuhu-minna\/#breadcrumb\",\"itemListElement\":[{\"@type\":\"ListItem\",\"position\":1,\"name\":\"Home\",\"item\":\"https:\/\/veemonula.ee\/lv\/\"},{\"@type\":\"ListItem\",\"position\":2,\"name\":\"Kurp Doties\"}]},{\"@type\":\"WebSite\",\"@id\":\"https:\/\/veemonula.ee\/#website\",\"url\":\"https:\/\/veemonula.ee\/\",\"name\":\"Veem\u00f5nula T\u00f5rvas\",\"description\":\"Puhkus kogu perele\",\"potentialAction\":[{\"@type\":\"SearchAction\",\"target\":{\"@type\":\"EntryPoint\",\"urlTemplate\":\"https:\/\/veemonula.ee\/?s={search_term_string}\"},\"query-input\":{\"@type\":\"PropertyValueSpecification\",\"valueRequired\":true,\"valueName\":\"search_term_string\"}}],\"inLanguage\":\"lv-LV\"}]}<\/script>\n<!-- \/ Yoast SEO plugin. -->","yoast_head_json":{"title":"Kurp Doties - Veem\u00f5nula T\u00f5rvas","robots":{"index":"index","follow":"follow","max-snippet":"max-snippet:-1","max-image-preview":"max-image-preview:large","max-video-preview":"max-video-preview:-1"},"canonical":"https:\/\/veemonula.ee\/lv\/kuhu-minna\/","og_locale":"lv_LV","og_type":"article","og_title":"Kurp Doties - Veem\u00f5nula T\u00f5rvas","og_description":"Terva 1937. gad\u0101 sa\u0146\u0113ma ofici\u0101lu vasaras k\u016brortpils\u0113tas statusu. \u0160eit j\u016bs gaida atp\u016bta, kas iederas jebkur\u0101 gadalaik\u0101 \u2013 vasaras vieglums un ziemas miers. Pla\u0161\u0101ku inform\u0101ciju par vis\u0101m aktivit\u0101t\u0113m un pas\u0101kumiem Terv\u0101 skatiet vietn\u0113 visittorva.ee K\u0100 TERVA IEGUVA SAVU NOSAUKUMU? P\u0113c \u013cau\u017eu nost\u0101stiem reiz bijis k\u0101ds v\u012brs v\u0101rd\u0101 Tenis (T\u00f5nis), kur\u0161 viet\u0113j\u0101 me\u017e\u0101 no eg\u013cu un prie\u017eu [&hellip;]","og_url":"https:\/\/veemonula.ee\/lv\/kuhu-minna\/","og_site_name":"Veem\u00f5nula T\u00f5rvas","article_modified_time":"2026-03-26T08:15:48+00:00","og_image":[{"width":1600,"height":1066,"url":"https:\/\/veemonula.ee\/wp-content\/uploads\/2026\/03\/KMKTR-02645.jpg","type":"image\/jpeg"}],"twitter_card":"summary_large_image","twitter_misc":{"Est. reading time":"7 minutes"},"schema":{"@context":"https:\/\/schema.org","@graph":[{"@type":"WebPage","@id":"https:\/\/veemonula.ee\/lv\/kuhu-minna\/","url":"https:\/\/veemonula.ee\/lv\/kuhu-minna\/","name":"Kurp Doties - Veem\u00f5nula T\u00f5rvas","isPartOf":{"@id":"https:\/\/veemonula.ee\/#website"},"primaryImageOfPage":{"@id":"https:\/\/veemonula.ee\/lv\/kuhu-minna\/#primaryimage"},"image":{"@id":"https:\/\/veemonula.ee\/lv\/kuhu-minna\/#primaryimage"},"thumbnailUrl":"https:\/\/veemonula.ee\/wp-content\/uploads\/2026\/03\/KMKTR-02645.jpg","datePublished":"2021-12-07T12:50:59+00:00","dateModified":"2026-03-26T08:15:48+00:00","breadcrumb":{"@id":"https:\/\/veemonula.ee\/lv\/kuhu-minna\/#breadcrumb"},"inLanguage":"lv-LV","potentialAction":[{"@type":"ReadAction","target":["https:\/\/veemonula.ee\/lv\/kuhu-minna\/"]}]},{"@type":"ImageObject","inLanguage":"lv-LV","@id":"https:\/\/veemonula.ee\/lv\/kuhu-minna\/#primaryimage","url":"https:\/\/veemonula.ee\/wp-content\/uploads\/2026\/03\/KMKTR-02645.jpg","contentUrl":"https:\/\/veemonula.ee\/wp-content\/uploads\/2026\/03\/KMKTR-02645.jpg"},{"@type":"BreadcrumbList","@id":"https:\/\/veemonula.ee\/lv\/kuhu-minna\/#breadcrumb","itemListElement":[{"@type":"ListItem","position":1,"name":"Home","item":"https:\/\/veemonula.ee\/lv\/"},{"@type":"ListItem","position":2,"name":"Kurp Doties"}]},{"@type":"WebSite","@id":"https:\/\/veemonula.ee\/#website","url":"https:\/\/veemonula.ee\/","name":"Veem\u00f5nula T\u00f5rvas","description":"Puhkus kogu perele","potentialAction":[{"@type":"SearchAction","target":{"@type":"EntryPoint","urlTemplate":"https:\/\/veemonula.ee\/?s={search_term_string}"},"query-input":{"@type":"PropertyValueSpecification","valueRequired":true,"valueName":"search_term_string"}}],"inLanguage":"lv-LV"}]}},"_links":{"self":[{"href":"https:\/\/veemonula.ee\/lv\/wp-json\/wp\/v2\/pages\/3210","targetHints":{"allow":["GET"]}}],"collection":[{"href":"https:\/\/veemonula.ee\/lv\/wp-json\/wp\/v2\/pages"}],"about":[{"href":"https:\/\/veemonula.ee\/lv\/wp-json\/wp\/v2\/types\/page"}],"author":[{"embeddable":true,"href":"https:\/\/veemonula.ee\/lv\/wp-json\/wp\/v2\/users\/2"}],"replies":[{"embeddable":true,"href":"https:\/\/veemonula.ee\/lv\/wp-json\/wp\/v2\/comments?post=3210"}],"version-history":[{"count":45,"href":"https:\/\/veemonula.ee\/lv\/wp-json\/wp\/v2\/pages\/3210\/revisions"}],"predecessor-version":[{"id":8208,"href":"https:\/\/veemonula.ee\/lv\/wp-json\/wp\/v2\/pages\/3210\/revisions\/8208"}],"wp:attachment":[{"href":"https:\/\/veemonula.ee\/lv\/wp-json\/wp\/v2\/media?parent=3210"}],"curies":[{"name":"wp","href":"https:\/\/api.w.org\/{rel}","templated":true}]}}